{"id":62,"date":"2018-05-12T17:57:33","date_gmt":"2018-05-12T17:57:33","guid":{"rendered":"https:\/\/portulano.net\/?page_id=62"},"modified":"2024-03-24T18:57:14","modified_gmt":"2024-03-24T18:57:14","slug":"proyectos-realizados","status":"publish","type":"page","link":"https:\/\/portulano.net\/?page_id=62","title":{"rendered":"Proyectos realizados"},"content":{"rendered":"<p>[et_pb_section fb_built=\u00bb1&#8243; fullwidth=\u00bbon\u00bb _builder_version=\u00bb4.16&#8243; global_colors_info=\u00bb{}\u00bb][et_pb_fullwidth_image src=\u00bbhttps:\/\/portulano.net\/wp-content\/uploads\/2018\/05\/proyectos.jpg\u00bb _builder_version=\u00bb4.16&#8243; global_colors_info=\u00bb{}\u00bb][\/et_pb_fullwidth_image][\/et_pb_section][et_pb_section fb_built=\u00bb1&#8243; _builder_version=\u00bb4.16&#8243; background_image=\u00bbhttps:\/\/portulano.net\/wp-content\/uploads\/2018\/05\/MENOSOPACIDAD.png\u00bb parallax=\u00bbon\u00bb global_colors_info=\u00bb{}\u00bb][et_pb_row _builder_version=\u00bb4.16&#8243; background_size=\u00bbinitial\u00bb background_position=\u00bbtop_left\u00bb background_repeat=\u00bbrepeat\u00bb global_colors_info=\u00bb{}\u00bb][et_pb_column type=\u00bb4_4&#8243; _builder_version=\u00bb4.16&#8243; custom_padding=\u00bb|||\u00bb global_colors_info=\u00bb{}\u00bb custom_padding__hover=\u00bb|||\u00bb][et_pb_button button_url=\u00bbhttps:\/\/portulano.net\/wp-content\/uploads\/2024\/03\/MEMORIA_CUALIFICACION-PORT-ULANO-MEDIOAMBIENTE-2023.pdf\u00bb button_text=\u00bbMemoria de Empresa\u00bb button_alignment=\u00bbcenter\u00bb admin_label=\u00bbMemoria de Empresa\u00bb _builder_version=\u00bb4.24.2&#8243; custom_button=\u00bbon\u00bb button_text_size=\u00bb16&#8243; button_border_width=\u00bb1&#8243; button_use_icon=\u00bboff\u00bb hover_enabled=\u00bb0&#8243; global_colors_info=\u00bb{}\u00bb button_text_size__hover_enabled=\u00bboff\u00bb button_one_text_size__hover_enabled=\u00bboff\u00bb button_two_text_size__hover_enabled=\u00bboff\u00bb button_text_color__hover_enabled=\u00bboff\u00bb button_one_text_color__hover_enabled=\u00bboff\u00bb button_two_text_color__hover_enabled=\u00bboff\u00bb button_border_width__hover_enabled=\u00bboff\u00bb button_one_border_width__hover_enabled=\u00bboff\u00bb button_two_border_width__hover_enabled=\u00bboff\u00bb button_border_color__hover_enabled=\u00bboff\u00bb button_one_border_color__hover_enabled=\u00bboff\u00bb button_two_border_color__hover_enabled=\u00bboff\u00bb button_border_radius__hover_enabled=\u00bboff\u00bb button_one_border_radius__hover_enabled=\u00bboff\u00bb button_two_border_radius__hover_enabled=\u00bboff\u00bb button_letter_spacing__hover_enabled=\u00bboff\u00bb button_one_letter_spacing__hover_enabled=\u00bboff\u00bb button_two_letter_spacing__hover_enabled=\u00bboff\u00bb button_bg_color__hover_enabled=\u00bboff\u00bb button_one_bg_color__hover_enabled=\u00bboff\u00bb button_two_bg_color__hover_enabled=\u00bboff\u00bb sticky_enabled=\u00bb0&#8243;][\/et_pb_button][\/et_pb_column][\/et_pb_row][et_pb_row _builder_version=\u00bb4.16&#8243; background_size=\u00bbinitial\u00bb background_position=\u00bbtop_left\u00bb background_repeat=\u00bbrepeat\u00bb global_colors_info=\u00bb{}\u00bb][et_pb_column type=\u00bb4_4&#8243; _builder_version=\u00bb4.16&#8243; custom_padding=\u00bb|||\u00bb global_colors_info=\u00bb{}\u00bb custom_padding__hover=\u00bb|||\u00bb][et_pb_text admin_label=\u00bbSINAE\u00bb _builder_version=\u00bb4.16&#8243; text_text_color=\u00bb#878800&#8243; global_colors_info=\u00bb{}\u00bb]<\/p>\n<p style=\"text-align: center;\"><strong>SINAE \/ HIDROCANT\u00c1BRICO \/ NEO ENERGIA \/ EDP RENOVABLES<\/strong><\/p>\n<p>[\/et_pb_text][et_pb_divider show_divider=\u00bboff\u00bb _builder_version=\u00bb4.16&#8243; global_colors_info=\u00bb{}\u00bb][\/et_pb_divider][\/et_pb_column][\/et_pb_row][et_pb_row column_structure=\u00bb1_2,1_2&#8243; _builder_version=\u00bb4.16&#8243; background_size=\u00bbinitial\u00bb background_position=\u00bbtop_left\u00bb background_repeat=\u00bbrepeat\u00bb global_colors_info=\u00bb{}\u00bb][et_pb_column type=\u00bb1_2&#8243; _builder_version=\u00bb4.16&#8243; custom_padding=\u00bb|||\u00bb global_colors_info=\u00bb{}\u00bb custom_padding__hover=\u00bb|||\u00bb][et_pb_text admin_label=\u00bbSINAE\u00bb _builder_version=\u00bb4.16&#8243; global_colors_info=\u00bb{}\u00bb]<\/p>\n<div><strong>Estudios Ornitol\u00f3gicos en los proyectos e\u00f3licos de S\u00aa. Carbonera y Canillas<\/strong> (T.M. de San Roque y Tarifa, C\u00e1diz).Octubre 1998 \u2013 Septiembre 1999.<\/div>\n<div><strong>Estudio Ornitol\u00f3gico en proyecto de parque e\u00f3lico de S\u00aa. Malag\u00f3n<\/strong> (\u00c1vila).\u00a0Julio 2000 \u2013 Junio 2001.<\/div>\n<div><strong>Plan de Vigilancia Ambiental de parques e\u00f3licos de Villoruebo y Villamiel<\/strong> (Burgos). Inicio Junio 2002.<\/div>\n<div><strong>Plan de Vigilancia Ambiental Laat \u00a0P.E.Arlanz\u00f3n \u2013 Set La Fuente<\/strong> (Burgos).Inicio Junio 2002.<\/div>\n<p>[\/et_pb_text][\/et_pb_column][et_pb_column type=\u00bb1_2&#8243; _builder_version=\u00bb4.16&#8243; custom_padding=\u00bb|||\u00bb global_colors_info=\u00bb{}\u00bb custom_padding__hover=\u00bb|||\u00bb][et_pb_text admin_label=\u00bbSINAE\u00bb _builder_version=\u00bb4.16&#8243; global_colors_info=\u00bb{}\u00bb]<\/p>\n<div><strong>Plan de Vigilancia Ambiental del parque e\u00f3lico de Sierra del Cortado<\/strong> (Soria).\u00a0Marzo 2003 \u2013 Febrero 2004.<\/div>\n<div><strong>Plan de Vigilancia Ambiental Laat \u00a0P.E.Cortado \u2013 Set S.Madero<\/strong> (Soria).\u00a0Marzo 2003 \u2013 Febrero 2004.<\/div>\n<div>\n<div><strong>Planes de Vigilancia Ambiental de los parques de Sierra de la Cuesta, Sierra de los Lagos, Alto del Acebo\u00a0<\/strong>en el Principado de Asturias.\u00a0Inicio Agosto 2003.<\/div>\n<\/div>\n<p>[\/et_pb_text][\/et_pb_column][\/et_pb_row][et_pb_row _builder_version=\u00bb4.16&#8243; background_size=\u00bbinitial\u00bb background_position=\u00bbtop_left\u00bb background_repeat=\u00bbrepeat\u00bb global_colors_info=\u00bb{}\u00bb][et_pb_column type=\u00bb4_4&#8243; _builder_version=\u00bb4.16&#8243; custom_padding=\u00bb|||\u00bb global_colors_info=\u00bb{}\u00bb custom_padding__hover=\u00bb|||\u00bb][et_pb_button button_url=\u00bbhttps:\/\/portulano.net\/sinae\/\u00bb button_text=\u00bbVer m\u00e1s\u00bb button_alignment=\u00bbcenter\u00bb admin_label=\u00bbBot\u00f3n SINAE\u00bb _builder_version=\u00bb4.16&#8243; custom_button=\u00bbon\u00bb button_text_size=\u00bb16&#8243; button_border_width=\u00bb1&#8243; button_use_icon=\u00bboff\u00bb global_colors_info=\u00bb{}\u00bb button_text_size__hover_enabled=\u00bboff\u00bb button_one_text_size__hover_enabled=\u00bboff\u00bb button_two_text_size__hover_enabled=\u00bboff\u00bb button_text_color__hover_enabled=\u00bboff\u00bb button_one_text_color__hover_enabled=\u00bboff\u00bb button_two_text_color__hover_enabled=\u00bboff\u00bb button_border_width__hover_enabled=\u00bboff\u00bb button_one_border_width__hover_enabled=\u00bboff\u00bb button_two_border_width__hover_enabled=\u00bboff\u00bb button_border_color__hover_enabled=\u00bboff\u00bb button_one_border_color__hover_enabled=\u00bboff\u00bb button_two_border_color__hover_enabled=\u00bboff\u00bb button_border_radius__hover_enabled=\u00bboff\u00bb button_one_border_radius__hover_enabled=\u00bboff\u00bb button_two_border_radius__hover_enabled=\u00bboff\u00bb button_letter_spacing__hover_enabled=\u00bboff\u00bb button_one_letter_spacing__hover_enabled=\u00bboff\u00bb button_two_letter_spacing__hover_enabled=\u00bboff\u00bb button_bg_color__hover_enabled=\u00bboff\u00bb button_one_bg_color__hover_enabled=\u00bboff\u00bb button_two_bg_color__hover_enabled=\u00bboff\u00bb][\/et_pb_button][\/et_pb_column][\/et_pb_row][et_pb_row _builder_version=\u00bb4.16&#8243; background_size=\u00bbinitial\u00bb background_position=\u00bbtop_left\u00bb background_repeat=\u00bbrepeat\u00bb global_colors_info=\u00bb{}\u00bb][et_pb_column type=\u00bb4_4&#8243; _builder_version=\u00bb4.16&#8243; custom_padding=\u00bb|||\u00bb global_colors_info=\u00bb{}\u00bb custom_padding__hover=\u00bb|||\u00bb][et_pb_text admin_label=\u00bbENDESA ECYR S.A \/ ENEL GREEN POWER\u00bb _builder_version=\u00bb4.16&#8243; text_text_color=\u00bb#878800&#8243; global_colors_info=\u00bb{}\u00bb]<\/p>\n<p style=\"text-align: center;\"><strong>ENDESA ECYR S.A \/ ENEL GREEN POWER<\/strong><\/p>\n<p>[\/et_pb_text][et_pb_divider show_divider=\u00bboff\u00bb _builder_version=\u00bb4.16&#8243; global_colors_info=\u00bb{}\u00bb][\/et_pb_divider][\/et_pb_column][\/et_pb_row][et_pb_row column_structure=\u00bb1_2,1_2&#8243; _builder_version=\u00bb4.16&#8243; global_colors_info=\u00bb{}\u00bb][et_pb_column type=\u00bb1_2&#8243; _builder_version=\u00bb4.16&#8243; custom_padding=\u00bb|||\u00bb global_colors_info=\u00bb{}\u00bb custom_padding__hover=\u00bb|||\u00bb][et_pb_text admin_label=\u00bbENDESA\u00bb _builder_version=\u00bb4.16&#8243; global_colors_info=\u00bb{}\u00bb]<\/p>\n<div><strong>Estudio Ornitol\u00f3gico en el proyecto e\u00f3lico de Guadacorte<\/strong> (C\u00e1diz).\u00a0Octubre 1998 \u2013 Septiembre 1999.<span class=\"Apple-converted-space\">\u00a0<\/span><\/div>\n<div><strong>Informe comparativo mensual para el proyecto e\u00f3lico de Santa Coracha<\/strong> (C\u00e1diz). Julio y Agosto de 1999.<\/div>\n<div><strong>Muestreo ornitol\u00f3gico en el proyecto e\u00f3lico de Santa Coracha. Febrero<\/strong> \u2013 Junio de 2000.<\/div>\n<div><strong>Plan Vigilancia Ambiental parque e\u00f3lico Sierra de Cortado<\/strong> (Soria). Inicio Febrero 2004.<\/div>\n<div>\n<p>&nbsp;<\/p>\n<\/div>\n<p>[\/et_pb_text][\/et_pb_column][et_pb_column type=\u00bb1_2&#8243; _builder_version=\u00bb4.16&#8243; custom_padding=\u00bb|||\u00bb global_colors_info=\u00bb{}\u00bb custom_padding__hover=\u00bb|||\u00bb][et_pb_text admin_label=\u00bbENDESA\u00bb _builder_version=\u00bb4.16&#8243; global_colors_info=\u00bb{}\u00bb]<\/p>\n<div><strong>Plan de Vigilancia Ambiental LAT P.e.Cortado \u2013 Set S. Madero\u00a0<\/strong>(Soria).<span class=\"Apple-converted-space\">\u00a0<\/span>Inicio Febrero 2004.<span class=\"Apple-converted-space\">\u00a0<\/span><\/div>\n<div><strong>Plan Vigilancia Ambiental parques e\u00f3licos Oncala<\/strong> (Soria).<span class=\"Apple-converted-space\">\u00a0<\/span>Noviembre 2004 \u2013Diciembre 2011.<span class=\"Apple-converted-space\">\u00a0<\/span><\/div>\n<div><strong>Plan de Vigilancia Ambiental LAT P.e.Aldehuelas \u2013 Set Oncala\u00a0<\/strong>(Soria).<span class=\"Apple-converted-space\">\u00a0<\/span>Noviembre 2004 \u2013Diciembre 2011.<span class=\"Apple-converted-space\">\u00a0<\/span><\/div>\n<div><strong>Plan Vigilancia Ambiental parques e\u00f3licos Madero I y II<\/strong> (Soria).<span class=\"Apple-converted-space\">\u00a0Inicio Junio 2009<\/span>.<span class=\"Apple-converted-space\">\u00a0<\/span><\/div>\n<div>\n<p>&nbsp;<\/p>\n<\/div>\n<p>[\/et_pb_text][\/et_pb_column][\/et_pb_row][et_pb_row _builder_version=\u00bb4.16&#8243; background_size=\u00bbinitial\u00bb background_position=\u00bbtop_left\u00bb background_repeat=\u00bbrepeat\u00bb global_colors_info=\u00bb{}\u00bb][et_pb_column type=\u00bb4_4&#8243; _builder_version=\u00bb4.16&#8243; custom_padding=\u00bb|||\u00bb global_colors_info=\u00bb{}\u00bb custom_padding__hover=\u00bb|||\u00bb][et_pb_button button_url=\u00bbhttps:\/\/portulano.net\/endesa\/\u00bb button_text=\u00bbVer m\u00e1s\u00bb button_alignment=\u00bbcenter\u00bb admin_label=\u00bbBot\u00f3n ENDESA\u00bb _builder_version=\u00bb4.16&#8243; custom_button=\u00bbon\u00bb button_text_size=\u00bb16&#8243; button_border_width=\u00bb1&#8243; button_use_icon=\u00bboff\u00bb global_colors_info=\u00bb{}\u00bb button_text_size__hover_enabled=\u00bboff\u00bb button_one_text_size__hover_enabled=\u00bboff\u00bb button_two_text_size__hover_enabled=\u00bboff\u00bb button_text_color__hover_enabled=\u00bboff\u00bb button_one_text_color__hover_enabled=\u00bboff\u00bb button_two_text_color__hover_enabled=\u00bboff\u00bb button_border_width__hover_enabled=\u00bboff\u00bb button_one_border_width__hover_enabled=\u00bboff\u00bb button_two_border_width__hover_enabled=\u00bboff\u00bb button_border_color__hover_enabled=\u00bboff\u00bb button_one_border_color__hover_enabled=\u00bboff\u00bb button_two_border_color__hover_enabled=\u00bboff\u00bb button_border_radius__hover_enabled=\u00bboff\u00bb button_one_border_radius__hover_enabled=\u00bboff\u00bb button_two_border_radius__hover_enabled=\u00bboff\u00bb button_letter_spacing__hover_enabled=\u00bboff\u00bb button_one_letter_spacing__hover_enabled=\u00bboff\u00bb button_two_letter_spacing__hover_enabled=\u00bboff\u00bb button_bg_color__hover_enabled=\u00bboff\u00bb button_one_bg_color__hover_enabled=\u00bboff\u00bb button_two_bg_color__hover_enabled=\u00bboff\u00bb][\/et_pb_button][\/et_pb_column][\/et_pb_row][\/et_pb_section][et_pb_section fb_built=\u00bb1&#8243; _builder_version=\u00bb4.16&#8243; background_image=\u00bbhttps:\/\/portulano.net\/wp-content\/uploads\/2018\/06\/1-13.jpg\u00bb parallax=\u00bbon\u00bb global_colors_info=\u00bb{}\u00bb][et_pb_row _builder_version=\u00bb4.16&#8243; background_size=\u00bbinitial\u00bb background_position=\u00bbtop_left\u00bb background_repeat=\u00bbrepeat\u00bb global_colors_info=\u00bb{}\u00bb][et_pb_column type=\u00bb4_4&#8243; _builder_version=\u00bb4.16&#8243; custom_padding=\u00bb|||\u00bb global_colors_info=\u00bb{}\u00bb custom_padding__hover=\u00bb|||\u00bb][et_pb_text admin_label=\u00bbPARALAJE\u00bb _builder_version=\u00bb4.16&#8243; text_text_color=\u00bbrgba(0,0,0,0)\u00bb header_text_color=\u00bbrgba(0,0,0,0)\u00bb header_4_text_color=\u00bb#0a2a5f\u00bb background_layout=\u00bbdark\u00bb global_colors_info=\u00bb{}\u00bb]<\/p>\n<h4 style=\"text-align: center;\">En todos los nuestros trabajos tomamos las mejores decisiones en el \u00e1mbito ambiental,<\/h4>\n<h4 style=\"text-align: center;\">tecnol\u00f3gico, financiero y estrat\u00e9gico.<\/h4>\n<p>PORTULANO MEDIOAMBIENTE es una empresa de consultor\u00eda y auditor\u00eda ambiental, que nace en 2007 a partir de la sociedad Portulano Cartograf\u00eda para gestionar los diferentes proyectos de car\u00e1cter medioambiental realizados desde 1998.<\/p>\n<p>Durante todos estos a\u00f1os, hemos realizado y colaborado en un buen n\u00famero de trabajos de seguimiento ambiental: inventarios de fauna, estudios de impacto, control ac\u00fastico, informes geot\u00e9cnicos,&#8230;, para proyectos e\u00f3licos, hidr\u00e1ulicos, solares fotovolt\u00e1icos, termosolares,&#8230;, as\u00ed como l\u00edneas el\u00e9ctricas, ordenaci\u00f3n del territorio y planes de ordenaci\u00f3n urbana.<\/p>\n<p>PORTULANO MEDIOAMBIENTE es una empresa de consultor\u00eda y auditor\u00eda ambiental, que nace en 2007 a partir de la sociedad Portulano Cartograf\u00eda para gestionar los diferentes proyectos de car\u00e1cter medioambiental realizados desde 1998.<\/p>\n<p>Durante todos estos a\u00f1os, hemos realizado y colaborado en un buen n\u00famero de trabajos de seguimiento ambiental: inventarios de fauna, estudios de impacto, control ac\u00fastico, informes geot\u00e9cnicos,&#8230;, para proyectos e\u00f3licos, hidr\u00e1ulicos, solares fotovolt\u00e1icos, termosolares,&#8230;, as\u00ed como l\u00edneas el\u00e9ctricas, ordenaci\u00f3n del territorio y planes de ordenaci\u00f3n urbana.<br \/>\n[\/et_pb_text][\/et_pb_column][\/et_pb_row][\/et_pb_section][et_pb_section fb_built=\u00bb1&#8243; _builder_version=\u00bb4.16&#8243; global_colors_info=\u00bb{}\u00bb][et_pb_row column_structure=\u00bb1_2,1_2&#8243; _builder_version=\u00bb4.16&#8243; background_size=\u00bbinitial\u00bb background_position=\u00bbtop_left\u00bb background_repeat=\u00bbrepeat\u00bb global_colors_info=\u00bb{}\u00bb][et_pb_column type=\u00bb1_2&#8243; _builder_version=\u00bb4.16&#8243; custom_padding=\u00bb|||\u00bb global_colors_info=\u00bb{}\u00bb custom_padding__hover=\u00bb|||\u00bb][et_pb_text admin_label=\u00bbPRODECSA S.A\u00bb _builder_version=\u00bb4.16&#8243; text_text_color=\u00bb#878800&#8243; global_colors_info=\u00bb{}\u00bb]<\/p>\n<p style=\"text-align: center;\"><strong>PRODECSA S.A<\/strong><\/p>\n<p>[\/et_pb_text][et_pb_divider show_divider=\u00bboff\u00bb _builder_version=\u00bb4.16&#8243; global_colors_info=\u00bb{}\u00bb][\/et_pb_divider][et_pb_text admin_label=\u00bbPRODECSA\u00bb _builder_version=\u00bb4.16&#8243; global_colors_info=\u00bb{}\u00bb]<\/p>\n<div><strong>Plan de Vigilancia Ambiental en el proyecto de una minicentral hidroel\u00e9ctrica en S\u00aa. de Gredos<\/strong> (T.M. de Hoyocasero, Avila).<span class=\"Apple-converted-space\">\u00a0<\/span>Junio \u2013Agosto de 1999.<span class=\"Apple-converted-space\">\u00a0<\/span><\/div>\n<div><strong>Plan de Vigilancia Ambiental para el proyecto de minicentral hidroel\u00e9ctrica de Cueva del Maragato<\/strong> (\u00c1vila) y seguimiento ornitol\u00f3gico durante el periodo de obras.<span class=\"Apple-converted-space\">\u00a0<\/span>Marzo 2001.<span class=\"Apple-converted-space\">\u00a0<\/span><\/div>\n<p>[\/et_pb_text][\/et_pb_column][et_pb_column type=\u00bb1_2&#8243; _builder_version=\u00bb4.16&#8243; custom_padding=\u00bb|||\u00bb global_colors_info=\u00bb{}\u00bb custom_padding__hover=\u00bb|||\u00bb][et_pb_text admin_label=\u00bbWORLEY PARSONS\u00bb _builder_version=\u00bb4.16&#8243; text_text_color=\u00bb#878800&#8243; global_colors_info=\u00bb{}\u00bb]<\/p>\n<p style=\"text-align: center;\"><strong>WORLEY PARSONS<\/strong><\/p>\n<p>[\/et_pb_text][et_pb_divider show_divider=\u00bboff\u00bb _builder_version=\u00bb4.16&#8243; global_colors_info=\u00bb{}\u00bb][\/et_pb_divider][et_pb_text admin_label=\u00bbWORLEY\u00bb _builder_version=\u00bb4.16&#8243; global_colors_info=\u00bb{}\u00bb]<\/p>\n<div><strong>Estudio Ornitol\u00f3gico para el proyecto de Planta Solar Termoel\u00e9ctrica (heli\u00f3statos) en la provincia de Toledo<\/strong>. Junio\u2013Agosto 2009<\/div>\n<div><strong>Estudio Ornitol\u00f3gico para dos proyectos de Plantas Solares Termoel\u00e9ctricas (heli\u00f3statos) en la provincia de Murcia<\/strong>.<span class=\"Apple-converted-space\">\u00a0<\/span>Inicio Noviembre 2009..<span class=\"Apple-converted-space\">\u00a0<\/span><\/div>\n<p>[\/et_pb_text][\/et_pb_column][\/et_pb_row][et_pb_row column_structure=\u00bb1_2,1_2&#8243; _builder_version=\u00bb4.16&#8243; background_size=\u00bbinitial\u00bb background_position=\u00bbtop_left\u00bb background_repeat=\u00bbrepeat\u00bb global_colors_info=\u00bb{}\u00bb][et_pb_column type=\u00bb1_2&#8243; _builder_version=\u00bb4.16&#8243; custom_padding=\u00bb|||\u00bb global_colors_info=\u00bb{}\u00bb custom_padding__hover=\u00bb|||\u00bb][et_pb_text admin_label=\u00bbPLENIUM PARTNERS\u00bb _builder_version=\u00bb4.16&#8243; text_text_color=\u00bb#878800&#8243; global_colors_info=\u00bb{}\u00bb]<\/p>\n<p style=\"text-align: center;\"><strong>PLENIUM PARTNERS<\/strong><\/p>\n<p>[\/et_pb_text][et_pb_divider show_divider=\u00bboff\u00bb _builder_version=\u00bb4.16&#8243; global_colors_info=\u00bb{}\u00bb][\/et_pb_divider][et_pb_text admin_label=\u00bbPLENIUM\u00bb _builder_version=\u00bb4.16&#8243; global_colors_info=\u00bb{}\u00bb]<\/p>\n<div><b>Plan de Vigilancia Ambiental del\u00a0parque e\u00f3lico de Tharsis<\/b> (Huelva). Inicio Marzo 2006.<\/div>\n<div><b>Plan de Vigilancia Ambiental del\u00a0parque e\u00f3lico de Olivillo <\/b>(C\u00e1diz). Inicio Abril 2009.<\/div>\n<div><b>Plan de Vigilancia Ambiental del\u00a0parque e\u00f3lico de Roalabota\u00a0<\/b>(C\u00e1diz). Inicio Abril 2009.<\/div>\n<p>[\/et_pb_text][\/et_pb_column][et_pb_column type=\u00bb1_2&#8243; _builder_version=\u00bb4.16&#8243; custom_padding=\u00bb|||\u00bb global_colors_info=\u00bb{}\u00bb custom_padding__hover=\u00bb|||\u00bb][et_pb_text admin_label=\u00bbBLUE TREE GROUP \u00bb _builder_version=\u00bb4.16&#8243; text_text_color=\u00bb#878800&#8243; global_colors_info=\u00bb{}\u00bb]<\/p>\n<p style=\"text-align: center;\"><strong>BLUE TREE GROUP\u00a0<\/strong><\/p>\n<p>[\/et_pb_text][et_pb_divider show_divider=\u00bboff\u00bb _builder_version=\u00bb4.16&#8243; global_colors_info=\u00bb{}\u00bb][\/et_pb_divider][et_pb_text admin_label=\u00bbBLUE TREE GROUP \u00bb _builder_version=\u00bb4.16&#8243; global_colors_info=\u00bb{}\u00bb]<\/p>\n<div><strong>Plan de Vigilancia Ambiental del Parque e\u00f3lico La\u00a0Tella <\/strong>(Murcia). Inicio Agosto 2011.<\/div>\n<div><strong>Plan de Vigilancia Ambiental del Parque e\u00f3lico Palomarejo<\/strong> (Sevilla). Inicio Agosto 2011.<\/div>\n<p>[\/et_pb_text][\/et_pb_column][\/et_pb_row][et_pb_row column_structure=\u00bb1_2,1_2&#8243; _builder_version=\u00bb4.16&#8243; background_size=\u00bbinitial\u00bb background_position=\u00bbtop_left\u00bb background_repeat=\u00bbrepeat\u00bb global_colors_info=\u00bb{}\u00bb][et_pb_column type=\u00bb1_2&#8243; _builder_version=\u00bb4.16&#8243; custom_padding=\u00bb|||\u00bb global_colors_info=\u00bb{}\u00bb custom_padding__hover=\u00bb|||\u00bb][et_pb_text admin_label=\u00bbCESSA\u00bb _builder_version=\u00bb4.16&#8243; text_text_color=\u00bb#878800&#8243; global_colors_info=\u00bb{}\u00bb]<\/p>\n<p style=\"text-align: center;\"><strong>CESSA IBERPISTAS S.A<\/strong><\/p>\n<p>[\/et_pb_text][et_pb_divider show_divider=\u00bboff\u00bb _builder_version=\u00bb4.16&#8243; global_colors_info=\u00bb{}\u00bb][\/et_pb_divider][et_pb_text admin_label=\u00bbCESSA\u00bb _builder_version=\u00bb4.16&#8243; global_colors_info=\u00bb{}\u00bb]<strong>Estudio Ornitol\u00f3gico en el proyecto e\u00f3lico de S\u00aa. de Quintanar<\/strong> (Segovia).<span class=\"Apple-converted-space\">\u00a0<\/span>Agosto 1999 \u2013 Octubre de 2000.<span class=\"Apple-converted-space\">\u00a0<\/span><br \/>\n[\/et_pb_text][\/et_pb_column][et_pb_column type=\u00bb1_2&#8243; _builder_version=\u00bb4.16&#8243; custom_padding=\u00bb|||\u00bb global_colors_info=\u00bb{}\u00bb custom_padding__hover=\u00bb|||\u00bb][et_pb_text admin_label=\u00bbTAIGA MISTRAL S.A\u00bb _builder_version=\u00bb4.16&#8243; text_text_color=\u00bb#878800&#8243; global_colors_info=\u00bb{}\u00bb]<\/p>\n<p style=\"text-align: center;\"><strong>TAIGA MISTRAL S.A<\/strong><\/p>\n<p>[\/et_pb_text][et_pb_divider show_divider=\u00bboff\u00bb _builder_version=\u00bb4.16&#8243; global_colors_info=\u00bb{}\u00bb][\/et_pb_divider][et_pb_text admin_label=\u00bbTAIGA MISTRAL S.A\u00bb _builder_version=\u00bb4.16&#8243; global_colors_info=\u00bb{}\u00bb]<strong>Plan de Vigilancia Ambiental del parque e\u00f3lico Monte Arca<\/strong> (Pontevedra).<span class=\"Apple-converted-space\">\u00a0<\/span>Junio 2010-Diciembre 2012.<span class=\"Apple-converted-space\">\u00a0<\/span><br \/>\n[\/et_pb_text][\/et_pb_column][\/et_pb_row][\/et_pb_section][et_pb_section fb_built=\u00bb1&#8243; _builder_version=\u00bb4.16&#8243; background_image=\u00bbhttps:\/\/portulano.net\/wp-content\/uploads\/2018\/06\/verde2.jpg\u00bb parallax=\u00bbon\u00bb global_colors_info=\u00bb{}\u00bb][et_pb_row _builder_version=\u00bb4.16&#8243; background_size=\u00bbinitial\u00bb background_position=\u00bbtop_left\u00bb background_repeat=\u00bbrepeat\u00bb global_colors_info=\u00bb{}\u00bb][et_pb_column type=\u00bb4_4&#8243; _builder_version=\u00bb4.16&#8243; custom_padding=\u00bb|||\u00bb global_colors_info=\u00bb{}\u00bb custom_padding__hover=\u00bb|||\u00bb][et_pb_text admin_label=\u00bbPARALAJE\u00bb _builder_version=\u00bb4.16&#8243; text_text_color=\u00bbrgba(0,0,0,0)\u00bb header_text_color=\u00bbrgba(0,0,0,0)\u00bb header_4_text_color=\u00bb#ffffff\u00bb background_layout=\u00bbdark\u00bb global_colors_info=\u00bb{}\u00bb]PORTULANO MEDIOAMBIENTE es una empresa de consultor\u00eda y auditor\u00eda ambiental, que nace en 2007 a partir de la sociedad Portulano Cartograf\u00eda para gestionar los diferentes proyectos de car\u00e1cter medioambiental realizados desde 1998.<\/p>\n<p>Durante todos estos a\u00f1os, hemos realizado y colaborado en un buen n\u00famero de trabajos de seguimiento ambiental: inventarios de fauna, estudios de impacto, control ac\u00fastico, informes geot\u00e9cnicos,&#8230;, para proyectos e\u00f3licos, hidr\u00e1ulicos, solares fotovolt\u00e1icos, termosolares,&#8230;, as\u00ed como l\u00edneas el\u00e9ctricas, ordenaci\u00f3n del territorio y planes de ordenaci\u00f3n urbana.<\/p>\n<h4 style=\"text-align: center;\">Nuestra formaci\u00f3n y conocimiento, unido a la utilizaci\u00f3n de las \u00faltimas tendencias tecnol\u00f3gicas y<\/h4>\n<h4 style=\"text-align: center;\">cient\u00edficas, hace que Portulano Mediambiente se convierta en un referente en el \u00e1mbito de la gesti\u00f3n<\/h4>\n<h4 style=\"text-align: center;\">ambiental.<\/h4>\n<p>PORTULANO MEDIOAMBIENTE es una empresa de consultor\u00eda y auditor\u00eda ambiental, que nace en 2007 a partir de la sociedad Portulano Cartograf\u00eda para gestionar los diferentes proyectos de car\u00e1cter medioambiental realizados desde 1998.<\/p>\n<p>Durante todos estos a\u00f1os, hemos realizado y colaborado en un buen n\u00famero de trabajos de seguimiento ambiental: inventarios de fauna, estudios de impacto, control ac\u00fastico, informes geot\u00e9cnicos,&#8230;, para proyectos e\u00f3licos, hidr\u00e1ulicos, solares fotovolt\u00e1icos, termosolares,&#8230;, as\u00ed como l\u00edneas el\u00e9ctricas, ordenaci\u00f3n del territorio y planes de ordenaci\u00f3n urbana.<br \/>\n[\/et_pb_text][\/et_pb_column][\/et_pb_row][\/et_pb_section][et_pb_section fb_built=\u00bb1&#8243; _builder_version=\u00bb4.16&#8243; background_image=\u00bbhttps:\/\/portulano.net\/wp-content\/uploads\/2018\/05\/MENOSOPACIDAD.png\u00bb parallax=\u00bbon\u00bb global_colors_info=\u00bb{}\u00bb][et_pb_row column_structure=\u00bb1_2,1_2&#8243; _builder_version=\u00bb4.16&#8243; background_size=\u00bbinitial\u00bb background_position=\u00bbtop_left\u00bb background_repeat=\u00bbrepeat\u00bb global_colors_info=\u00bb{}\u00bb][et_pb_column type=\u00bb1_2&#8243; _builder_version=\u00bb4.16&#8243; custom_padding=\u00bb|||\u00bb global_colors_info=\u00bb{}\u00bb custom_padding__hover=\u00bb|||\u00bb][et_pb_text admin_label=\u00bbWIGEP ANDALUC\u00cdA S.A\u00bb _builder_version=\u00bb4.16&#8243; text_text_color=\u00bb#878800&#8243; global_colors_info=\u00bb{}\u00bb]<\/p>\n<p style=\"text-align: center;\"><strong>WIGEP ANDALUC\u00cdA \u00a0S.A<\/strong><\/p>\n<p>[\/et_pb_text][et_pb_divider show_divider=\u00bboff\u00bb _builder_version=\u00bb4.16&#8243; global_colors_info=\u00bb{}\u00bb][\/et_pb_divider][et_pb_text admin_label=\u00bbWIGEP ANDALUC\u00cdA S.A\u00bb _builder_version=\u00bb4.16&#8243; global_colors_info=\u00bb{}\u00bb]<\/p>\n<div><strong>Estudio Ornitol\u00f3gico en el proyecto e\u00f3lico de El Pino<\/strong> (T.M. de Los Barrios, C\u00e1diz).<span class=\"Apple-converted-space\">\u00a0<\/span>Junio 1999 \u2013 Mayo 2000.<span class=\"Apple-converted-space\">\u00a0<\/span><\/div>\n<div><strong>Estudio de Impacto Ambiental (Julio 2003) y posterior Seguimiento Ambiental de los parques e\u00f3licos de El Pimpollar y El Castrill\u00f3n<\/strong> (T.M. de Los Barrios, C\u00e1diz).<span class=\"Apple-converted-space\">\u00a0<\/span>2003.<span class=\"Apple-converted-space\">\u00a0<\/span><\/div>\n<div><strong>Estudio de Impacto Ambiental de la ampliaci\u00f3n del parque e\u00f3lico El Pino<\/strong>. 2003.<span class=\"Apple-converted-space\">\u00a0<\/span><\/div>\n<p>[\/et_pb_text][\/et_pb_column][et_pb_column type=\u00bb1_2&#8243; _builder_version=\u00bb4.16&#8243; custom_padding=\u00bb|||\u00bb global_colors_info=\u00bb{}\u00bb custom_padding__hover=\u00bb|||\u00bb][et_pb_text admin_label=\u00bbINSOLUX WAT S.A\u00bb _builder_version=\u00bb4.16&#8243; text_text_color=\u00bb#878800&#8243; global_colors_info=\u00bb{}\u00bb]<\/p>\n<p style=\"text-align: center;\"><strong>INSOLUX WAT \u00a0S.A<\/strong><\/p>\n<p>[\/et_pb_text][et_pb_divider show_divider=\u00bboff\u00bb _builder_version=\u00bb4.16&#8243; global_colors_info=\u00bb{}\u00bb][\/et_pb_divider][et_pb_text admin_label=\u00bbISOLUX\u00bb _builder_version=\u00bb4.16&#8243; global_colors_info=\u00bb{}\u00bb]<\/p>\n<div><strong>Memoria ambiental para proyecto e\u00f3lico en Los Navalucillos\u00a0<\/strong>(Toledo).<span class=\"Apple-converted-space\">\u00a0<\/span>Marzo de 2005.<span class=\"Apple-converted-space\">\u00a0<\/span><\/div>\n<div><b>M<strong>emorias ambientales para proyectos e\u00f3licos en T\u00f3rtoles de Esgueva\u00a0<\/strong><\/b>(Burgos). Agosto de 2011.<\/div>\n<div><b>Estudio Avifauna y Quir\u00f3pterofauna en proyectos e\u00f3licos en T\u00f3rtoles de Esgueva <\/b>(Burgos). Febrero 2017-Enero 2018.<\/div>\n<p>[\/et_pb_text][\/et_pb_column][\/et_pb_row][et_pb_row _builder_version=\u00bb4.16&#8243; background_size=\u00bbinitial\u00bb background_position=\u00bbtop_left\u00bb background_repeat=\u00bbrepeat\u00bb global_colors_info=\u00bb{}\u00bb][et_pb_column type=\u00bb4_4&#8243; _builder_version=\u00bb4.16&#8243; custom_padding=\u00bb|||\u00bb global_colors_info=\u00bb{}\u00bb custom_padding__hover=\u00bb|||\u00bb][et_pb_text admin_label=\u00bbINGENIER\u00cdA, ESTUDIOS Y PROYECTOS NIPSA\u00bb _builder_version=\u00bb4.16&#8243; text_text_color=\u00bb#878800&#8243; global_colors_info=\u00bb{}\u00bb]<\/p>\n<p style=\"text-align: center;\"><strong>INGENIER\u00cdA, ESTUDIOS Y\u00a0PROYECTOS\u00a0NIPSA<\/strong><\/p>\n<p>[\/et_pb_text][et_pb_divider show_divider=\u00bboff\u00bb _builder_version=\u00bb4.16&#8243; global_colors_info=\u00bb{}\u00bb][\/et_pb_divider][\/et_pb_column][\/et_pb_row][et_pb_row column_structure=\u00bb1_2,1_2&#8243; _builder_version=\u00bb4.16&#8243; background_size=\u00bbinitial\u00bb background_position=\u00bbtop_left\u00bb background_repeat=\u00bbrepeat\u00bb global_colors_info=\u00bb{}\u00bb][et_pb_column type=\u00bb1_2&#8243; _builder_version=\u00bb4.16&#8243; custom_padding=\u00bb|||\u00bb global_colors_info=\u00bb{}\u00bb custom_padding__hover=\u00bb|||\u00bb][et_pb_text admin_label=\u00bbINGENIER\u00cdA, ESTUDIOS Y PROYECTOS NIPSA\u00bb _builder_version=\u00bb4.16&#8243; global_colors_info=\u00bb{}\u00bb]<\/p>\n<div><strong>Memorias ambientales para proyectos e\u00f3licos dentro del Concurso E\u00f3lico de Canarias: Fuerteventura, Tenerife, Gran Canaria<\/strong>. Octubre 2004 \u2013 Enero de 2005.<span class=\"Apple-converted-space\">\u00a0<\/span><\/div>\n<div><strong>Memorias ambientales para proyectos e\u00f3licos dentro de la Comunidad de Madrid<\/strong> (Villarejo de Salvan\u00e9s). Junio de 2005.<span class=\"Apple-converted-space\">\u00a0<\/span><\/div>\n<div><strong>Memoria ambiental para LAT Navalagamella &#8211; NASA dentro de la Comunidad de Madrid<\/strong>. Diciembre de 2005.<\/div>\n<div>\n<p><strong>Estudios de Impacto Ambiental (11 proyectos evaluados) para el concurso e\u00f3lico de Extremadura<\/strong>.\u00a0Mayo-Junio de 2006.<\/p>\n<\/div>\n<p>[\/et_pb_text][\/et_pb_column][et_pb_column type=\u00bb1_2&#8243; _builder_version=\u00bb4.16&#8243; custom_padding=\u00bb|||\u00bb global_colors_info=\u00bb{}\u00bb custom_padding__hover=\u00bb|||\u00bb][et_pb_text admin_label=\u00bbINGENIER\u00cdA, ESTUDIOS Y PROYECTOS NIPSA\u00bb _builder_version=\u00bb4.16&#8243; global_colors_info=\u00bb{}\u00bb]<\/p>\n<div><strong>Seis Estudios de Impacto Ambiental de Plantas Solares Fotovolt\u00e1icas en Extremadura<\/strong> durante 2007.<\/div>\n<div><strong>Estudio Ac\u00fastico Aer\u00f3dromo privado en Trujillo<\/strong> (C\u00e1ceres). Julio de 2007.<\/div>\n<div><strong>Seis Proyectos de Desmantelamiento para Plantas Solares Fotovoltaicas en C\u00f3rdoba<\/strong>. Agosto-Octubre 2008.<\/div>\n<div><strong>Memoria ambiental y Estudio de viabilidad geot\u00e9cnica para proyecto e\u00f3lico en Serbia<\/strong>. Octubre-Noviembre de 2008.<\/div>\n<p>[\/et_pb_text][\/et_pb_column][\/et_pb_row][et_pb_row column_structure=\u00bb1_2,1_2&#8243; _builder_version=\u00bb4.16&#8243; background_size=\u00bbinitial\u00bb background_position=\u00bbtop_left\u00bb background_repeat=\u00bbrepeat\u00bb global_colors_info=\u00bb{}\u00bb][et_pb_column type=\u00bb1_2&#8243; _builder_version=\u00bb4.16&#8243; custom_padding=\u00bb|||\u00bb global_colors_info=\u00bb{}\u00bb custom_padding__hover=\u00bb|||\u00bb][et_pb_text admin_label=\u00bbSAETA YIELD\u00bb _builder_version=\u00bb4.16&#8243; text_text_color=\u00bb#878800&#8243; global_colors_info=\u00bb{}\u00bb]<\/p>\n<p style=\"text-align: center;\"><strong>SAETA YIELD<\/strong><\/p>\n<p>[\/et_pb_text][et_pb_divider show_divider=\u00bboff\u00bb _builder_version=\u00bb4.16&#8243; global_colors_info=\u00bb{}\u00bb][\/et_pb_divider][et_pb_text admin_label=\u00bbSAETA YIELD\u00bb _builder_version=\u00bb4.16&#8243; global_colors_info=\u00bb{}\u00bb]<\/p>\n<div><b>Plan de Vigilancia Ambiental del\u00a0parque e\u00f3lico Las Vegas <\/b>(C\u00e1diz). Inicio Enero 2016.<\/div>\n<div><b>Plan de Vigilancia Ambiental del\u00a0parque e\u00f3lico Los Isletes\u00a0<\/b>(C\u00e1diz). Inicio Enero 2016.<\/div>\n<p>[\/et_pb_text][\/et_pb_column][et_pb_column type=\u00bb1_2&#8243; _builder_version=\u00bb4.16&#8243; custom_padding=\u00bb|||\u00bb global_colors_info=\u00bb{}\u00bb custom_padding__hover=\u00bb|||\u00bb][et_pb_text admin_label=\u00bbENHOL INVER\u00bb _builder_version=\u00bb4.16&#8243; text_text_color=\u00bb#878800&#8243; global_colors_info=\u00bb{}\u00bb]<\/p>\n<p style=\"text-align: center;\"><strong>ENHOL INVER<\/strong><\/p>\n<p>[\/et_pb_text][et_pb_divider show_divider=\u00bboff\u00bb _builder_version=\u00bb4.16&#8243; global_colors_info=\u00bb{}\u00bb][\/et_pb_divider][et_pb_text admin_label=\u00bbENHOL INVER\u00bb _builder_version=\u00bb4.16&#8243; global_colors_info=\u00bb{}\u00bb]<\/p>\n<div><strong>Plan de Vigilancia Ambiental del Parque e\u00f3lico Cortijo de Guerra\u00a0<\/strong>(C\u00e1diz). Inicio Octubre 2016.<\/div>\n<div><strong>Plan de Vigilancia Ambiental del Parque e\u00f3lico Cortijo de Guerra\u00a0<\/strong>(C\u00e1diz). Inicio Octubre 2017.<\/div>\n<p>[\/et_pb_text][\/et_pb_column][\/et_pb_row][\/et_pb_section][et_pb_section fb_built=\u00bb1&#8243; _builder_version=\u00bb4.16&#8243; background_image=\u00bbhttps:\/\/portulano.net\/wp-content\/uploads\/2018\/06\/agua-1.jpg\u00bb parallax=\u00bbon\u00bb global_colors_info=\u00bb{}\u00bb][et_pb_row _builder_version=\u00bb4.16&#8243; global_colors_info=\u00bb{}\u00bb][et_pb_column type=\u00bb4_4&#8243; _builder_version=\u00bb4.16&#8243; custom_padding=\u00bb|||\u00bb global_colors_info=\u00bb{}\u00bb custom_padding__hover=\u00bb|||\u00bb][et_pb_text admin_label=\u00bbPARALAJE\u00bb _builder_version=\u00bb4.16&#8243; text_text_color=\u00bbrgba(0,0,0,0)\u00bb header_text_color=\u00bbrgba(0,0,0,0)\u00bb background_layout=\u00bbdark\u00bb global_colors_info=\u00bb{}\u00bb]PORTULANO MEDIOAMBIENTE es una empresa de consultor\u00eda y auditor\u00eda ambiental, que nace en 2007 a partir de la sociedad Portulano Cartograf\u00eda para gestionar los diferentes proyectos de car\u00e1cter medioambiental realizados desde 1998.<\/p>\n<p>Durante todos estos a\u00f1os, hemos realizado y colaborado en un buen n\u00famero de trabajos de seguimiento ambiental: inventarios de fauna, estudios de impacto, control ac\u00fastico, informes geot\u00e9cnicos,&#8230;, para proyectos e\u00f3licos, hidr\u00e1ulicos, solares fotovolt\u00e1icos, termosolares,&#8230;, as\u00ed como l\u00edneas el\u00e9ctricas, ordenaci\u00f3n del territorio y planes de ordenaci\u00f3n urbana.<\/p>\n<p style=\"text-align: center;\">PORTULANO MEDIOAMBIENTE es una empresa de consultor\u00eda y auditor\u00eda ambiental, que nace en 2007 a partir de la sociedad Portulano Cartograf\u00eda para gestionar los diferentes proyectos de car\u00e1cter medioambiental realizados desde 1998.<\/p>\n<p>Durante todos estos a\u00f1os, hemos realizado y colaborado en un buen n\u00famero de trabajos de seguimiento ambiental: inventarios de fauna, estudios de impacto, control ac\u00fastico, informes geot\u00e9cnicos,&#8230;, para proyectos e\u00f3licos, hidr\u00e1ulicos, solares fotovolt\u00e1icos, termosolares,&#8230;, as\u00ed como l\u00edneas el\u00e9ctricas, ordenaci\u00f3n del territorio y planes de ordenaci\u00f3n urbana.<\/p>\n<h4 style=\"text-align: center;\">Portulano Medioambiente responde a todas las necesidades de la actual problem\u00e1tica ambiental,<\/h4>\n<h4 style=\"text-align: center;\">optimizando tiempos y analizando cada proyecto para conseguir la m\u00e1xima satisfacci\u00f3n de nuestros<\/h4>\n<h4 style=\"text-align: center;\">clientes.<\/h4>\n<p>[\/et_pb_text][\/et_pb_column][\/et_pb_row][\/et_pb_section][et_pb_section fb_built=\u00bb1&#8243; _builder_version=\u00bb4.16&#8243; background_image=\u00bbhttps:\/\/portulano.net\/wp-content\/uploads\/2018\/05\/MENOSOPACIDAD.png\u00bb parallax=\u00bbon\u00bb global_colors_info=\u00bb{}\u00bb][et_pb_row _builder_version=\u00bb4.16&#8243; global_colors_info=\u00bb{}\u00bb][et_pb_column type=\u00bb4_4&#8243; _builder_version=\u00bb4.16&#8243; custom_padding=\u00bb|||\u00bb global_colors_info=\u00bb{}\u00bb custom_padding__hover=\u00bb|||\u00bb][et_pb_text admin_label=\u00bbALDESA RENOVABLES S.A\u00bb _builder_version=\u00bb4.16&#8243; text_text_color=\u00bb#878800&#8243; global_colors_info=\u00bb{}\u00bb]<\/p>\n<p style=\"text-align: center;\"><strong>ALDESA RENOVABLES S.A<\/strong><\/p>\n<p>[\/et_pb_text][et_pb_divider show_divider=\u00bboff\u00bb _builder_version=\u00bb4.16&#8243; global_colors_info=\u00bb{}\u00bb][\/et_pb_divider][\/et_pb_column][\/et_pb_row][et_pb_row column_structure=\u00bb1_2,1_2&#8243; _builder_version=\u00bb4.16&#8243; background_size=\u00bbinitial\u00bb background_position=\u00bbtop_left\u00bb background_repeat=\u00bbrepeat\u00bb global_colors_info=\u00bb{}\u00bb][et_pb_column type=\u00bb1_2&#8243; _builder_version=\u00bb4.16&#8243; custom_padding=\u00bb|||\u00bb global_colors_info=\u00bb{}\u00bb custom_padding__hover=\u00bb|||\u00bb][et_pb_text admin_label=\u00bbALDESA RENOVABLES S.A\u00bb _builder_version=\u00bb4.16&#8243; global_colors_info=\u00bb{}\u00bb]<\/p>\n<div><\/div>\n<div><strong>Memorias ambientales para proyectos e\u00f3licos dentro del Concurso E\u00f3lico de Galicia: Lugo y Orense. <\/strong>Mayo-Junio 2018.<\/div>\n<div><strong>Estudio de Viabilidad ambiental para proyectos e\u00f3licos en Extremadura<\/strong>. Octubre\u2013Noviembre 2008.<\/div>\n<div><strong>Plan de Vigilancia Ambiental del parque e\u00f3lico Valdivia (Sevilla). <\/strong>Inicio Marzo 2009.<\/div>\n<div><strong>Memorias ambientales para proyectos e\u00f3licos dentro del Concurso E\u00f3lico de Galicia: Lugo y Pontevedra<\/strong>. Mayo\u2013Junio 2010.<\/div>\n<div><strong>Memorias ambientales para proyectos e\u00f3licos dentro del Concurso E\u00f3lico de Arag\u00f3n<\/strong>. Diciembre 2010.<\/div>\n<div><b>Informes ambientales para proyectos e\u00f3licos dentro del Concurso E\u00f3lico de Extremadura. <\/b>Enero 2011.<\/div>\n<div><\/div>\n<p>[\/et_pb_text][\/et_pb_column][et_pb_column type=\u00bb1_2&#8243; _builder_version=\u00bb4.16&#8243; custom_padding=\u00bb|||\u00bb global_colors_info=\u00bb{}\u00bb custom_padding__hover=\u00bb|||\u00bb][et_pb_text admin_label=\u00bbALDESA RENOVABLES S.A\u00bb _builder_version=\u00bb4.16&#8243; global_colors_info=\u00bb{}\u00bb]<\/p>\n<div><strong>Estudios de Impacto Ambiental para proyectos e\u00f3licos dentro del Concurso E\u00f3lico de Galicia: Coru\u00f1a y Pontevedra<\/strong>. Noviembre 2011\u2013Julio 2012.<\/div>\n<div><strong>Estudios de Impacto Ambiental para proyectos e\u00f3licos dentro del Concurso E\u00f3lico de Extremadura: Badajoz<\/strong> .Febrero\u2013Julio 2012.<\/div>\n<div><strong>Plan Vigilancia Ambiental en obra y explotaci\u00f3n parque e\u00f3lico La Tella<\/strong> (Murcia). Inicio Agosto 2011.<\/div>\n<div><strong>Plan Vigilancia Ambiental en obra y explotaci\u00f3n parque e\u00f3lico Palomarejo<\/strong> (Sevilla). Inicio Agosto 2011.<\/div>\n<div><strong>Estudios de Impacto Ambiental para proyectos solares fotovoltaicos en Fuente del Maestre y Burguillos del Cerro <\/strong>(Badajoz). Abril-Diciembre 2017.<\/div>\n<p>[\/et_pb_text][\/et_pb_column][\/et_pb_row][et_pb_row _builder_version=\u00bb4.16&#8243; background_size=\u00bbinitial\u00bb background_position=\u00bbtop_left\u00bb background_repeat=\u00bbrepeat\u00bb global_colors_info=\u00bb{}\u00bb][et_pb_column type=\u00bb4_4&#8243; _builder_version=\u00bb4.16&#8243; custom_padding=\u00bb|||\u00bb global_colors_info=\u00bb{}\u00bb custom_padding__hover=\u00bb|||\u00bb][et_pb_text admin_label=\u00bbRWE &#8211; DANTA ENERG\u00cdAS\u00bb _builder_version=\u00bb4.16&#8243; text_text_color=\u00bb#878800&#8243; global_colors_info=\u00bb{}\u00bb]<\/p>\n<p style=\"text-align: center;\"><strong>RWE &#8211; DANTA ENERG\u00cdAS<\/strong><\/p>\n<p>[\/et_pb_text][et_pb_divider show_divider=\u00bboff\u00bb _builder_version=\u00bb4.16&#8243; global_colors_info=\u00bb{}\u00bb][\/et_pb_divider][\/et_pb_column][\/et_pb_row][et_pb_row column_structure=\u00bb1_2,1_2&#8243; _builder_version=\u00bb4.16&#8243; background_size=\u00bbinitial\u00bb background_position=\u00bbtop_left\u00bb background_repeat=\u00bbrepeat\u00bb global_colors_info=\u00bb{}\u00bb][et_pb_column type=\u00bb1_2&#8243; _builder_version=\u00bb4.16&#8243; custom_padding=\u00bb|||\u00bb global_colors_info=\u00bb{}\u00bb custom_padding__hover=\u00bb|||\u00bb][et_pb_text admin_label=\u00bbRWE &#8211; DANTA ENERG\u00cdAS\u00bb _builder_version=\u00bb4.16&#8243; global_colors_info=\u00bb{}\u00bb]<\/p>\n<div><strong>Estudios de Impacto Ambiental para los parques e\u00f3licos Artemisa, Apolo y Poseid\u00f3n<\/strong> (Salamanca). Agosto-Septiembre de 2006.<span class=\"Apple-converted-space\">\u00a0<\/span><\/div>\n<div><strong>Plan Vigilancia Ambiental parques e\u00f3licos Aldehuelas<\/strong> (Soria).\u00a0Inicio Enero 2012.<\/div>\n<div><strong>Plan de Vigilancia Ambiental LAT P.e.Aldehuelas \u2013 Set Oncala<\/strong> (Soria). Inicio Enero 2012.<\/div>\n<p>[\/et_pb_text][\/et_pb_column][et_pb_column type=\u00bb1_2&#8243; _builder_version=\u00bb4.16&#8243; custom_padding=\u00bb|||\u00bb global_colors_info=\u00bb{}\u00bb custom_padding__hover=\u00bb|||\u00bb][et_pb_text admin_label=\u00bbRWE &#8211; DANTA ENERG\u00cdAS\u00bb _builder_version=\u00bb4.16&#8243; global_colors_info=\u00bb{}\u00bb]<\/p>\n<div><strong>Plan Vigilancia Ambiental parque e\u00f3lico Urano<\/strong> (Soria).<span class=\"Apple-converted-space\">\u00a0<\/span>Inicio Enero 2014.<span class=\"Apple-converted-space\">\u00a0<\/span><\/div>\n<div><strong>Plan Vigilancia Ambiental parques e\u00f3licos Hiperi\u00f3n-Juno<\/strong> (Soria). Inicio Enero 2014.<\/div>\n<div><strong>Plan Vigilancia Ambiental parques e\u00f3licos Luna-Tetis<\/strong> (Soria). Inicio Enero 2014.<\/div>\n<p>[\/et_pb_text][\/et_pb_column][\/et_pb_row][et_pb_row column_structure=\u00bb1_2,1_2&#8243; _builder_version=\u00bb4.16&#8243; background_size=\u00bbinitial\u00bb background_position=\u00bbtop_left\u00bb background_repeat=\u00bbrepeat\u00bb global_colors_info=\u00bb{}\u00bb][et_pb_column type=\u00bb1_2&#8243; _builder_version=\u00bb4.16&#8243; custom_padding=\u00bb|||\u00bb global_colors_info=\u00bb{}\u00bb custom_padding__hover=\u00bb|||\u00bb][et_pb_text admin_label=\u00bbVALORIZA SACYR\u00bb _builder_version=\u00bb4.16&#8243; text_text_color=\u00bb#878800&#8243; global_colors_info=\u00bb{}\u00bb]<\/p>\n<p style=\"text-align: center;\"><strong>VALORIZA SACYR<\/strong><\/p>\n<p>[\/et_pb_text][et_pb_divider show_divider=\u00bboff\u00bb _builder_version=\u00bb4.16&#8243; global_colors_info=\u00bb{}\u00bb][\/et_pb_divider][et_pb_text admin_label=\u00bbVALORIZA SACYR\u00bb _builder_version=\u00bb4.16&#8243; global_colors_info=\u00bb{}\u00bb]<\/p>\n<div><strong>Once estudios de Impacto Ambiental para proyectos e\u00f3licos en Extremadur<\/strong>a.<span class=\"Apple-converted-space\">\u00a0<\/span>Abril-Junio 2006.<span class=\"Apple-converted-space\">\u00a0<\/span><\/div>\n<div><strong>Dos estudios de Impacto Ambiental para proyectos e\u00f3licos en Extremadura<\/strong>. Octubre-Noviembre 2007.<\/div>\n<p>[\/et_pb_text][\/et_pb_column][et_pb_column type=\u00bb1_2&#8243; _builder_version=\u00bb4.16&#8243; custom_padding=\u00bb|||\u00bb global_colors_info=\u00bb{}\u00bb custom_padding__hover=\u00bb|||\u00bb][et_pb_text admin_label=\u00bbACCIONA \/ ALDESA RENOVABLES S.A\u00bb _builder_version=\u00bb4.16&#8243; text_text_color=\u00bb#878800&#8243; global_colors_info=\u00bb{}\u00bb]<\/p>\n<p style=\"text-align: center;\"><strong>ALDESA RENOVABLES S.A \/\u00a0ACCIONA\u00a0<\/strong><\/p>\n<p>[\/et_pb_text][et_pb_divider show_divider=\u00bboff\u00bb _builder_version=\u00bb4.16&#8243; global_colors_info=\u00bb{}\u00bb][\/et_pb_divider][et_pb_text admin_label=\u00bbACCIONA \/ ALDESA RENOVABLES S.A\u00bb _builder_version=\u00bb4.16&#8243; global_colors_info=\u00bb{}\u00bb]<\/p>\n<div><strong>Plan de Vigilancia Ambiental del parque e\u00f3lico Alijar<\/strong> (C\u00e1diz).<span class=\"Apple-converted-space\">\u00a0<\/span>Inicio Abril 2009.<span class=\"Apple-converted-space\">\u00a0<\/span><\/div>\n<p>[\/et_pb_text][\/et_pb_column][\/et_pb_row][\/et_pb_section]<\/p>\n","protected":false},"excerpt":{"rendered":"<p>SINAE \/ HIDROCANT\u00c1BRICO \/ NEO ENERGIA \/ EDP RENOVABLES Estudios Ornitol\u00f3gicos en los proyectos e\u00f3licos de S\u00aa. Carbonera y Canillas (T.M. de San Roque y Tarifa, C\u00e1diz).Octubre 1998 \u2013 Septiembre 1999. Estudio Ornitol\u00f3gico en proyecto de parque e\u00f3lico de S\u00aa. Malag\u00f3n (\u00c1vila).\u00a0Julio 2000 \u2013 Junio 2001. Plan de Vigilancia Ambiental de parques e\u00f3licos de Villoruebo [&hellip;]<\/p>\n","protected":false},"author":1,"featured_media":0,"parent":0,"menu_order":0,"comment_status":"closed","ping_status":"closed","template":"","meta":{"_et_pb_use_builder":"on","_et_pb_old_content":"","_et_gb_content_width":"","footnotes":""},"class_list":["post-62","page","type-page","status-publish","hentry"],"yoast_head":"<!-- This site is optimized with the Yoast SEO plugin v27.4 - https:\/\/yoast.com\/product\/yoast-seo-wordpress\/ -->\n<title>Proyectos realizados - Portulano<\/title>\n<meta name=\"description\" content=\"Empresa de consultor\u00eda y auditor\u00eda ambiental\" \/>\n<meta name=\"robots\" content=\"index, follow, max-snippet:-1, max-image-preview:large, max-video-preview:-1\" \/>\n<link rel=\"canonical\" href=\"https:\/\/portulano.net\/?page_id=62\" \/>\n<meta property=\"og:locale\" content=\"es_ES\" \/>\n<meta property=\"og:type\" content=\"article\" \/>\n<meta property=\"og:title\" content=\"Proyectos realizados - Portulano\" \/>\n<meta property=\"og:description\" content=\"Empresa de consultor\u00eda y auditor\u00eda ambiental\" \/>\n<meta property=\"og:url\" content=\"https:\/\/portulano.net\/?page_id=62\" \/>\n<meta property=\"og:site_name\" content=\"Portulano\" \/>\n<meta property=\"article:modified_time\" content=\"2024-03-24T18:57:14+00:00\" \/>\n<meta name=\"twitter:card\" content=\"summary_large_image\" \/>\n<meta name=\"twitter:label1\" content=\"Tiempo de lectura\" \/>\n\t<meta name=\"twitter:data1\" content=\"22 minutos\" \/>\n<script type=\"application\/ld+json\" class=\"yoast-schema-graph\">{\"@context\":\"https:\\\/\\\/schema.org\",\"@graph\":[{\"@type\":\"WebPage\",\"@id\":\"https:\\\/\\\/portulano.net\\\/?page_id=62\",\"url\":\"https:\\\/\\\/portulano.net\\\/?page_id=62\",\"name\":\"Proyectos realizados - Portulano\",\"isPartOf\":{\"@id\":\"https:\\\/\\\/portulano.net\\\/#website\"},\"datePublished\":\"2018-05-12T17:57:33+00:00\",\"dateModified\":\"2024-03-24T18:57:14+00:00\",\"description\":\"Empresa de consultor\u00eda y auditor\u00eda ambiental\",\"breadcrumb\":{\"@id\":\"https:\\\/\\\/portulano.net\\\/?page_id=62#breadcrumb\"},\"inLanguage\":\"es\",\"potentialAction\":[{\"@type\":\"ReadAction\",\"target\":[\"https:\\\/\\\/portulano.net\\\/?page_id=62\"]}]},{\"@type\":\"BreadcrumbList\",\"@id\":\"https:\\\/\\\/portulano.net\\\/?page_id=62#breadcrumb\",\"itemListElement\":[{\"@type\":\"ListItem\",\"position\":1,\"name\":\"Portada\",\"item\":\"https:\\\/\\\/portulano.net\\\/\"},{\"@type\":\"ListItem\",\"position\":2,\"name\":\"Proyectos realizados\"}]},{\"@type\":\"WebSite\",\"@id\":\"https:\\\/\\\/portulano.net\\\/#website\",\"url\":\"https:\\\/\\\/portulano.net\\\/\",\"name\":\"Portulano Medioambiente\",\"description\":\"Empresa de consultor\u00eda y auditor\u00eda ambiental\",\"publisher\":{\"@id\":\"https:\\\/\\\/portulano.net\\\/#organization\"},\"potentialAction\":[{\"@type\":\"SearchAction\",\"target\":{\"@type\":\"EntryPoint\",\"urlTemplate\":\"https:\\\/\\\/portulano.net\\\/?s={search_term_string}\"},\"query-input\":{\"@type\":\"PropertyValueSpecification\",\"valueRequired\":true,\"valueName\":\"search_term_string\"}}],\"inLanguage\":\"es\"},{\"@type\":\"Organization\",\"@id\":\"https:\\\/\\\/portulano.net\\\/#organization\",\"name\":\"PORTULANO MEDIOAMBIENTE\",\"url\":\"https:\\\/\\\/portulano.net\\\/\",\"logo\":{\"@type\":\"ImageObject\",\"inLanguage\":\"es\",\"@id\":\"https:\\\/\\\/portulano.net\\\/#\\\/schema\\\/logo\\\/image\\\/\",\"url\":\"https:\\\/\\\/portulano.net\\\/wp-content\\\/uploads\\\/2018\\\/05\\\/512.png\",\"contentUrl\":\"https:\\\/\\\/portulano.net\\\/wp-content\\\/uploads\\\/2018\\\/05\\\/512.png\",\"width\":512,\"height\":512,\"caption\":\"PORTULANO MEDIOAMBIENTE\"},\"image\":{\"@id\":\"https:\\\/\\\/portulano.net\\\/#\\\/schema\\\/logo\\\/image\\\/\"}}]}<\/script>\n<!-- \/ Yoast SEO plugin. -->","yoast_head_json":{"title":"Proyectos realizados - Portulano","description":"Empresa de consultor\u00eda y auditor\u00eda ambiental","robots":{"index":"index","follow":"follow","max-snippet":"max-snippet:-1","max-image-preview":"max-image-preview:large","max-video-preview":"max-video-preview:-1"},"canonical":"https:\/\/portulano.net\/?page_id=62","og_locale":"es_ES","og_type":"article","og_title":"Proyectos realizados - Portulano","og_description":"Empresa de consultor\u00eda y auditor\u00eda ambiental","og_url":"https:\/\/portulano.net\/?page_id=62","og_site_name":"Portulano","article_modified_time":"2024-03-24T18:57:14+00:00","twitter_card":"summary_large_image","twitter_misc":{"Tiempo de lectura":"22 minutos"},"schema":{"@context":"https:\/\/schema.org","@graph":[{"@type":"WebPage","@id":"https:\/\/portulano.net\/?page_id=62","url":"https:\/\/portulano.net\/?page_id=62","name":"Proyectos realizados - Portulano","isPartOf":{"@id":"https:\/\/portulano.net\/#website"},"datePublished":"2018-05-12T17:57:33+00:00","dateModified":"2024-03-24T18:57:14+00:00","description":"Empresa de consultor\u00eda y auditor\u00eda ambiental","breadcrumb":{"@id":"https:\/\/portulano.net\/?page_id=62#breadcrumb"},"inLanguage":"es","potentialAction":[{"@type":"ReadAction","target":["https:\/\/portulano.net\/?page_id=62"]}]},{"@type":"BreadcrumbList","@id":"https:\/\/portulano.net\/?page_id=62#breadcrumb","itemListElement":[{"@type":"ListItem","position":1,"name":"Portada","item":"https:\/\/portulano.net\/"},{"@type":"ListItem","position":2,"name":"Proyectos realizados"}]},{"@type":"WebSite","@id":"https:\/\/portulano.net\/#website","url":"https:\/\/portulano.net\/","name":"Portulano Medioambiente","description":"Empresa de consultor\u00eda y auditor\u00eda ambiental","publisher":{"@id":"https:\/\/portulano.net\/#organization"},"potentialAction":[{"@type":"SearchAction","target":{"@type":"EntryPoint","urlTemplate":"https:\/\/portulano.net\/?s={search_term_string}"},"query-input":{"@type":"PropertyValueSpecification","valueRequired":true,"valueName":"search_term_string"}}],"inLanguage":"es"},{"@type":"Organization","@id":"https:\/\/portulano.net\/#organization","name":"PORTULANO MEDIOAMBIENTE","url":"https:\/\/portulano.net\/","logo":{"@type":"ImageObject","inLanguage":"es","@id":"https:\/\/portulano.net\/#\/schema\/logo\/image\/","url":"https:\/\/portulano.net\/wp-content\/uploads\/2018\/05\/512.png","contentUrl":"https:\/\/portulano.net\/wp-content\/uploads\/2018\/05\/512.png","width":512,"height":512,"caption":"PORTULANO MEDIOAMBIENTE"},"image":{"@id":"https:\/\/portulano.net\/#\/schema\/logo\/image\/"}}]}},"_links":{"self":[{"href":"https:\/\/portulano.net\/index.php?rest_route=\/wp\/v2\/pages\/62","targetHints":{"allow":["GET"]}}],"collection":[{"href":"https:\/\/portulano.net\/index.php?rest_route=\/wp\/v2\/pages"}],"about":[{"href":"https:\/\/portulano.net\/index.php?rest_route=\/wp\/v2\/types\/page"}],"author":[{"embeddable":true,"href":"https:\/\/portulano.net\/index.php?rest_route=\/wp\/v2\/users\/1"}],"replies":[{"embeddable":true,"href":"https:\/\/portulano.net\/index.php?rest_route=%2Fwp%2Fv2%2Fcomments&post=62"}],"version-history":[{"count":132,"href":"https:\/\/portulano.net\/index.php?rest_route=\/wp\/v2\/pages\/62\/revisions"}],"predecessor-version":[{"id":1299,"href":"https:\/\/portulano.net\/index.php?rest_route=\/wp\/v2\/pages\/62\/revisions\/1299"}],"wp:attachment":[{"href":"https:\/\/portulano.net\/index.php?rest_route=%2Fwp%2Fv2%2Fmedia&parent=62"}],"curies":[{"name":"wp","href":"https:\/\/api.w.org\/{rel}","templated":true}]}}